{"version":"1.0","provider_name":"Al\u0131\u015fveri\u015f Kul\u00fcpleri","provider_url":"https:\/\/www.alisveriskulupleri.com\/blog","author_name":"Meltem \u015eafak","author_url":"https:\/\/www.alisveriskulupleri.com\/blog\/author\/meltem","title":"Yal\u0131n ve prestijli bir yaz kombini! - Al\u0131\u015fveri\u015f Kul\u00fcpleri","type":"rich","width":600,"height":338,"html":"<blockquote class=\"wp-embedded-content\" data-secret=\"DptMDqeFxd\"><a href=\"https:\/\/www.alisveriskulupleri.com\/blog\/yalin-ve-prestijli-bir-yaz-kombini.html\">Yal\u0131n ve prestijli bir yaz kombini!<\/a><\/blockquote><iframe sandbox=\"allow-scripts\" security=\"restricted\" src=\"https:\/\/www.alisveriskulupleri.com\/blog\/yalin-ve-prestijli-bir-yaz-kombini.html\/embed#?secret=DptMDqeFxd\" width=\"600\" height=\"338\" title=\"&#8220;Yal\u0131n ve prestijli bir yaz kombini!&#8221; &#8212; Al\u0131\u015fveri\u015f Kul\u00fcpleri\" data-secret=\"DptMDqeFxd\" frameborder=\"0\" marginwidth=\"0\" marginheight=\"0\" scrolling=\"no\" class=\"wp-embedded-content\"><\/iframe><script type=\"text\/javascript\">\n\/* <![CDATA[ *\/\n\/*! This file is auto-generated *\/\n!function(d,l){\"use strict\";l.querySelector&&d.addEventListener&&\"undefined\"!=typeof URL&&(d.wp=d.wp||{},d.wp.receiveEmbedMessage||(d.wp.receiveEmbedMessage=function(e){var t=e.data;if((t||t.secret||t.message||t.value)&&!\/[^a-zA-Z0-9]\/.test(t.secret)){for(var s,r,n,a=l.querySelectorAll('iframe[data-secret=\"'+t.secret+'\"]'),o=l.querySelectorAll('blockquote[data-secret=\"'+t.secret+'\"]'),c=new RegExp(\"^https?:$\",\"i\"),i=0;i<o.length;i++)o[i].style.display=\"none\";for(i=0;i<a.length;i++)s=a[i],e.source===s.contentWindow&&(s.removeAttribute(\"style\"),\"height\"===t.message?(1e3<(r=parseInt(t.value,10))?r=1e3:~~r<200&&(r=200),s.height=r):\"link\"===t.message&&(r=new URL(s.getAttribute(\"src\")),n=new URL(t.value),c.test(n.protocol))&&n.host===r.host&&l.activeElement===s&&(d.top.location.href=t.value))}},d.addEventListener(\"message\",d.wp.receiveEmbedMessage,!1),l.addEventListener(\"DOMContentLoaded\",function(){for(var e,t,s=l.querySelectorAll(\"iframe.wp-embedded-content\"),r=0;r<s.length;r++)(t=(e=s[r]).getAttribute(\"data-secret\"))||(t=Math.random().toString(36).substring(2,12),e.src+=\"#?secret=\"+t,e.setAttribute(\"data-secret\",t)),e.contentWindow.postMessage({message:\"ready\",secret:t},\"*\")},!1)))}(window,document);\n\/* ]]> *\/\n<\/script>\n","description":"Bu hafta sizler i\u00e7in yal\u0131n ve prestijli bir yaz kombini haz\u0131rlad\u0131m, sahil k\u0131y\u0131s\u0131nda arz-\u0131 endam etmek isteyenlere duyurulur! Trendyol\u2019da yay\u0131nlanmakta olan Sheggy kampanyas\u0131 d\u00e2hilinde sat\u0131\u015fa sunulan beyaz \u00fcstl\u00fc pastel neon ye\u015fili etekli elbiseyi g\u00f6r\u00fcnce, birden akl\u0131mda \u015fim\u015fekler \u00e7akt\u0131! Bu k\u0131yafet hem \u00e7ok do\u011fal hem \u00e7ok sade hem de do\u011fru aksesuarlarla kombinlendi\u011finde \u00e7ok prestijli g\u00f6r\u00fcnebilecek bir [...] Read More","thumbnail_url":"https:\/\/www.alisveriskulupleri.com\/blog\/uploads\/2012\/07\/yalin-ve-prestijli-bir-yaz-kombini1-240x180.jpg"}