{"version":"1.0","provider_name":"Al\u0131\u015fveri\u015f Kul\u00fcpleri","provider_url":"https:\/\/www.alisveriskulupleri.com\/blog","author_name":"Meltem \u015eafak","author_url":"https:\/\/www.alisveriskulupleri.com\/blog\/author\/meltem","title":"Armani Priv\u00e8 2011-2012 Haute Couture koleksiyonu - Al\u0131\u015fveri\u015f Kul\u00fcpleri","type":"rich","width":600,"height":338,"html":"<blockquote class=\"wp-embedded-content\" data-secret=\"17d5x3ga4W\"><a href=\"https:\/\/www.alisveriskulupleri.com\/blog\/armani-prive-2011-2012-haute-couture-koleksiyonu.html\">Armani Priv\u00e8 2011-2012 Haute Couture koleksiyonu<\/a><\/blockquote><iframe sandbox=\"allow-scripts\" security=\"restricted\" src=\"https:\/\/www.alisveriskulupleri.com\/blog\/armani-prive-2011-2012-haute-couture-koleksiyonu.html\/embed#?secret=17d5x3ga4W\" width=\"600\" height=\"338\" title=\"&#8220;Armani Priv\u00e8 2011-2012 Haute Couture koleksiyonu&#8221; &#8212; Al\u0131\u015fveri\u015f Kul\u00fcpleri\" data-secret=\"17d5x3ga4W\" frameborder=\"0\" marginwidth=\"0\" marginheight=\"0\" scrolling=\"no\" class=\"wp-embedded-content\"><\/iframe><script type=\"text\/javascript\">\n\/* <![CDATA[ *\/\n\/*! This file is auto-generated *\/\n!function(d,l){\"use strict\";l.querySelector&&d.addEventListener&&\"undefined\"!=typeof URL&&(d.wp=d.wp||{},d.wp.receiveEmbedMessage||(d.wp.receiveEmbedMessage=function(e){var t=e.data;if((t||t.secret||t.message||t.value)&&!\/[^a-zA-Z0-9]\/.test(t.secret)){for(var s,r,n,a=l.querySelectorAll('iframe[data-secret=\"'+t.secret+'\"]'),o=l.querySelectorAll('blockquote[data-secret=\"'+t.secret+'\"]'),c=new RegExp(\"^https?:$\",\"i\"),i=0;i<o.length;i++)o[i].style.display=\"none\";for(i=0;i<a.length;i++)s=a[i],e.source===s.contentWindow&&(s.removeAttribute(\"style\"),\"height\"===t.message?(1e3<(r=parseInt(t.value,10))?r=1e3:~~r<200&&(r=200),s.height=r):\"link\"===t.message&&(r=new URL(s.getAttribute(\"src\")),n=new URL(t.value),c.test(n.protocol))&&n.host===r.host&&l.activeElement===s&&(d.top.location.href=t.value))}},d.addEventListener(\"message\",d.wp.receiveEmbedMessage,!1),l.addEventListener(\"DOMContentLoaded\",function(){for(var e,t,s=l.querySelectorAll(\"iframe.wp-embedded-content\"),r=0;r<s.length;r++)(t=(e=s[r]).getAttribute(\"data-secret\"))||(t=Math.random().toString(36).substring(2,12),e.src+=\"#?secret=\"+t,e.setAttribute(\"data-secret\",t)),e.contentWindow.postMessage({message:\"ready\",secret:t},\"*\")},!1)))}(window,document);\n\/* ]]> *\/\n<\/script>\n","description":"Reng\u00e2renk giydirilmi\u015f mankenleriyle Armani Priv\u00e8 defilesi, Paris Haute Couture Moda Haftas\u0131 kat\u0131l\u0131mc\u0131lar\u0131 \u00fczerinde canland\u0131r\u0131c\u0131 bir etki yaratt\u0131! Paris Haute Couture Moda Haftas\u0131 kapsam\u0131nda Chaillot Saray\u0131\u2019nda muhte\u015fem bir defileye imza atan Armani Priv\u00e8, 2011 \u2013 2012 sonbahar &amp; k\u0131\u015f Haute Couture koleksiyonunu tan\u0131tt\u0131. Armani\u2019nin, genel olarak t\u00fcm koleksiyonlar\u0131nda oldu\u011fu gibi bunda da kad\u0131nlar\u0131 sofistike, elegan ve [...] Read More","thumbnail_url":"https:\/\/www.alisveriskulupleri.com\/blog\/uploads\/2011\/07\/armani-prive-2011-2012-sonbahar-kis-haute-couture-koleksiyonu1-570x854.jpg"}