{"version":"1.0","provider_name":"Al\u0131\u015fveri\u015f Kul\u00fcpleri","provider_url":"https:\/\/www.alisveriskulupleri.com\/blog","author_name":"Meltem \u015eafak","author_url":"https:\/\/www.alisveriskulupleri.com\/blog\/author\/meltem","title":"2013 ilkbahar modas\u0131: Ana trendleri \u00f6\u011frenmeden ge\u00e7meyin! - Al\u0131\u015fveri\u015f Kul\u00fcpleri","type":"rich","width":600,"height":338,"html":"<blockquote class=\"wp-embedded-content\" data-secret=\"J5KH2tPdjv\"><a href=\"https:\/\/www.alisveriskulupleri.com\/blog\/2013-ilkbahar-modasi-ana-trendleri-ogrenmeden-gecmeyin.html\">2013 ilkbahar modas\u0131: Ana trendleri \u00f6\u011frenmeden ge\u00e7meyin!<\/a><\/blockquote><iframe sandbox=\"allow-scripts\" security=\"restricted\" src=\"https:\/\/www.alisveriskulupleri.com\/blog\/2013-ilkbahar-modasi-ana-trendleri-ogrenmeden-gecmeyin.html\/embed#?secret=J5KH2tPdjv\" width=\"600\" height=\"338\" title=\"&#8220;2013 ilkbahar modas\u0131: Ana trendleri \u00f6\u011frenmeden ge\u00e7meyin!&#8221; &#8212; Al\u0131\u015fveri\u015f Kul\u00fcpleri\" data-secret=\"J5KH2tPdjv\" frameborder=\"0\" marginwidth=\"0\" marginheight=\"0\" scrolling=\"no\" class=\"wp-embedded-content\"><\/iframe><script type=\"text\/javascript\">\n\/* <![CDATA[ *\/\n\/*! This file is auto-generated *\/\n!function(d,l){\"use strict\";l.querySelector&&d.addEventListener&&\"undefined\"!=typeof URL&&(d.wp=d.wp||{},d.wp.receiveEmbedMessage||(d.wp.receiveEmbedMessage=function(e){var t=e.data;if((t||t.secret||t.message||t.value)&&!\/[^a-zA-Z0-9]\/.test(t.secret)){for(var s,r,n,a=l.querySelectorAll('iframe[data-secret=\"'+t.secret+'\"]'),o=l.querySelectorAll('blockquote[data-secret=\"'+t.secret+'\"]'),c=new RegExp(\"^https?:$\",\"i\"),i=0;i<o.length;i++)o[i].style.display=\"none\";for(i=0;i<a.length;i++)s=a[i],e.source===s.contentWindow&&(s.removeAttribute(\"style\"),\"height\"===t.message?(1e3<(r=parseInt(t.value,10))?r=1e3:~~r<200&&(r=200),s.height=r):\"link\"===t.message&&(r=new URL(s.getAttribute(\"src\")),n=new URL(t.value),c.test(n.protocol))&&n.host===r.host&&l.activeElement===s&&(d.top.location.href=t.value))}},d.addEventListener(\"message\",d.wp.receiveEmbedMessage,!1),l.addEventListener(\"DOMContentLoaded\",function(){for(var e,t,s=l.querySelectorAll(\"iframe.wp-embedded-content\"),r=0;r<s.length;r++)(t=(e=s[r]).getAttribute(\"data-secret\"))||(t=Math.random().toString(36).substring(2,12),e.src+=\"#?secret=\"+t,e.setAttribute(\"data-secret\",t)),e.contentWindow.postMessage({message:\"ready\",secret:t},\"*\")},!1)))}(window,document);\n\/* ]]> *\/\n<\/script>\n","description":"Bakal\u0131m bu bahar hangi renkler, ne gibi modeller ve nas\u0131l kuma\u015flar modaym\u0131\u015f? G\u00fcne\u015fli s\u0131cak havalar e\u015fli\u011finde sonunda nisan ay\u0131na geldik sevgili okuyucular, art\u0131k kendimizi bahar\u0131n co\u015fkusuna kapt\u0131rman\u0131n ve d\u0131\u015far\u0131da gezmelere \u00e7\u0131kman\u0131n tam s\u0131ras\u0131! D\u0131\u015far\u0131s\u0131 dedik, gezmeler dedik tabii ki bu kavramlar; s\u00fcslenmeyi, giyinmeyi ve daha da \u00f6tesi bahar modas\u0131na g\u00f6z k\u0131pmay\u0131 da beraberinde getiriyor! 2013 [...] Read More","thumbnail_url":"https:\/\/www.alisveriskulupleri.com\/blog\/uploads\/2013\/04\/2013-ilkbahar-modasi1-570x357.jpg"}